{"id":110,"date":"2013-04-09T14:19:27","date_gmt":"2013-04-09T14:19:27","guid":{"rendered":"http:\/\/sonicsoundfactory.net\/aya-swoboda\/?page_id=110"},"modified":"2022-04-18T18:51:16","modified_gmt":"2022-04-18T18:51:16","slug":"exhibitions","status":"publish","type":"page","link":"https:\/\/www.aya-swoboda.at\/index.php\/exhibitions","title":{"rendered":"Exhibitions"},"content":{"rendered":"<p><\/br><\/p>\n<p><b>2021<br \/>\n<\/b>Theatersaal Oberrohrbach \/ Nieder\u00f6sterreich<br \/>\n<a href=\"www.swissartexpo.com\">ARTBOX\/PROJECT<\/a> Z\u00dcRICH 1.0 \/ Swiss<br \/>\n<a href=\"www.swissartexpo.com\">ARTBOX\/PROJECT<\/a> BARCELONA 1.0 \/ Spain<br \/>\nAusstellung im ARTPOINT 222, Wien, \u00d6sterreich<\/p>\n<p><b>2020<br \/>\n<\/b>Theatersaal Oberrohrbach \/ Nieder\u00f6sterreich<br \/>\nAusstellung<\/a> der <a href=\"www.galerie-b\u00f6hner.de\" title=\"Galerie B\u00f6hner\">SAMMLUNG &#038; GALERIE B\u00d6HNER<\/a> \/ Germany<br \/>\n<a href=\"www.swissartexpo.com\">ARTBOX\/PROJECT<\/a> Z\u00dcRICH 1.0 \/ Swiss<br \/>\nAusstellung im ARTPOINT 222, Wien, \u00d6sterreich<br \/>\nPALM ART AWARD 2020 f\u00fcr die k\u00fcnstlerische Qualit\u00e4t und Originalit\u00e4t Ihrer eingereichten Werke<br \/>\nART for HOPE AWARD<\/p>\n<p><b>2019<br \/>\n<\/b>Theatersaal Oberrohrbach \/ Nieder\u00f6sterreich<br \/>\n<a href=\"https:\/\/www.kunst-spektrum.de\/aya-swoboda\">Ausstellung<\/a> der <a href=\"www.galerie-b\u00f6hner.de\" title=\"Galerie B\u00f6hner\">SAMMLUNG &#038; GALERIE B\u00d6HNER<\/a> \/ Germany<br \/>\n5th \u2018<a href=\"www.enter-into-art.com\">Enter into Art<\/a>\u2019 International Installations \/ Bernkastel-Kues, Nassau, K\u00f6ln, Bonn: Germany<br \/>\n<a href=\"www.swissartexpo.com\">ARTBOX\/PROJECT<\/a> Z\u00dcRICH 1.0 \/ Swiss<\/p>\n<p><b>2018<br \/>\n<\/b>Theatersaal Oberrohrbach \/ Nieder\u00f6sterreich<br \/>\n<a href=\"www.kunst-spektrum.de\/aya-swoboda\">Ausstellung<\/a> der <a href=\"www.galerie-b\u00f6hner.de\" title=\"Galerie B\u00f6hner\">SAMMLUNG &#038; GALERIE B\u00d6HNER<\/a> \/ Germany<br \/>\n5th \u2018<a href=\"www.enter-into-art.com\">Enter into Art<\/a>\u2019 International Installations \/ Bad Breising: Germany<\/p>\n<p><b>2017<br \/>\n<\/b>Theatersaal Oberrohrbach \/ Nieder\u00f6sterreich<\/p>\n<p><b>2016<br \/>\n<\/b>Theatersaal Oberrohrbach \/ Nieder\u00f6sterreich<br \/>\n<a href=\"http:\/\/www.palm-art-award.com\/nominee2016-swoboda.html\" title=\"Palm Art Award 2016 Nominee\"><\/a><\/p>\n<p><b>2015<br \/>\n<\/b><a href=\"http:\/\/www.comebeck.com\" title=\"http:\/\/www.comebeck.com\" target=\"_blank\" rel=\"noopener noreferrer\">galerie m beck<\/a> Generic Code III | Objekt \/ Germany<br \/>\nTheatersaal Oberrohrbach \/ Nieder\u00f6sterreich<br \/>\n<a href=\"http:\/\/www.palm-art-award.com\/competitors2015-1.html\" title=\"Palm Art Award 2015 Nominee\">Palm Art Award 2015 Nominee<\/a><br \/>\nQ202, AtelierRundgang, DIFFERENT \/ Wien<\/p>\n<p><b>2014<\/b><br \/>\nQ202, AtelierRundgang, C.A.S.R.J. \/ Wien<br \/>\nGallery &#8220;Immaginecolore&#8221; \/ Genua \/ Italy<br \/>\nGALERIE B\u00d6HNER \/ Mannheim \/ Germany<br \/>\nArtpoint 222 \/ Wien<br \/>\nTheatersaal Oberrohrbach \/ Nieder\u00f6sterreich<\/p>\n<p><b>2013<br \/>\n<\/b>Q202, AtelierRundgang, ARTGATE-RIVERGATE \/ Wien<br \/>\nGalerie ARTPOINT 222, Einzelausstellung, Sommer \/ Wien<br \/>\nGalerie ARTPOINT FIRENZE Gallery AltrArte \/ Venedig \/ Italien<\/p>\n<p><b>2012<br \/>\n<\/b>Q202, AtelierRundgang, Gestaltung Betonelement-Anlegestelle Donauinsel \/\u00a0Wien<br \/>\nArt Club Forum, Galerie B\u00f6hner \/ Mannheim<br \/>\nTeilnahme an der ARTE PORDENONE, Galerie ARTPOINT FIRENZE \u00a0\/ Italien<br \/>\nGalerie ARTPOINT 222, VIENNA,\u201dIL MITO NEL TEMPO\u201d<\/p>\n<p><b>2011<br \/>\n<\/b>Q202, AtelierRundgang, Gestaltung Betonelement-Anlegestelle Donauinsel \/ Wien<br \/>\nQ202, Herbstfest \/ Wien<br \/>\nArt Club Forum, Galerie B\u00f6hner \/ Mannheim<br \/>\nTeilnahme an der ARTE PORDENONE, Galerie ARTPOINT FIRENZE \u00a0\/ Italien<b>2010<br \/>\n<\/b>Galerie ARTPOINT FIRENZE \/ Florenz \/ Pistoia \/ Italien<br \/>\nQ202, Atelierrundgang, Ausstellung auf den historischen Schiffen \/\u00a0 Wien<br \/>\nArt Club Forum, Galerie B\u00f6hner \/ Mannheim<br \/>\nN\u00d6 &#8211; Tage der offenen Ateliers 2010<br \/>\nTeilnahme an der ARTE DI FIERA FORLI 2010<\/p>\n<p><b>2009<br \/>\n<\/b>Galerie ARTPOINT 222, Einzelausstellung\u00a0 \/ Wien<br \/>\nGalerie ARTEFAKT, Einzelausstellung\u00a0 \/ Wien<br \/>\nGalerie B\u00f6hner \/ Mannheim<br \/>\nGalerie &#8220;Immaginecolore&#8221; Genua \/ Italien<br \/>\nGalerie ARTPOINT FIRENZE Villa Vogel \/ Florenz \/ Italien<br \/>\nGalleria GNACCARINI \/ Bologna \/ Italien<br \/>\nTeilnahme an der ARTE FIERA LONGARONE \/ Italien<br \/>\nN\u00d6 \u2013 Tage der offenen Ateliers 2009<br \/>\nTeilnahme an &#8220;Korneuburger Adventfenster&#8221; 2009 \/ N\u00d6<br \/>\nArt Domain Gallery \/ Leipzig<br \/>\nSkulptur &#8220;FLOWERPOWER&#8221;, Kleinwilfersdorf \/ N\u00d6<\/p>\n<p><b>2008<br \/>\n<\/b>Teilnahme an der KUNSTMESSE OSNABR\u00dcCK<br \/>\nTeilnahme an der AKZENTA GRAZ<br \/>\nGalerie ARTPOINT 222 \/ Wien<br \/>\nGalerie B\u00f6hner \/ Mannheim<br \/>\nGalerie &#8220;Immaginecolore&#8221; Genua \/ Italien<br \/>\n\u201cL\u2019 EFFICE DELLA MUSICA\u201d<br \/>\nVernissage &#8220;ROUGE\u201d, Einzelausstellung,<br \/>\nPr\u00e4sentation &#8220;Weinviertlerin&#8221; \u2013 &#8220;Waldviertlerin&#8221;, Korneuburg \/ N\u00d6<br \/>\nN\u00d6 \u2013 Tage der offenen Ateliers 2008<br \/>\nWein4tler Frauentage 2008<br \/>\nSkulptur &#8220;LIEBE&#8221; am Meditationsweg in Kleinwilfersdorf \/ N\u00d6<br \/>\nMonstranz f\u00fcr die Kirche Unterrohrbach \/ N\u00d6<\/p>\n<p><b>2007<br \/>\n<\/b>Galerie B\u00f6hner \/ Mannheim<br \/>\nGalerie m\u00a0 beck \/ Homburg an der Saar<br \/>\n&#8220;Farbkurven und Bleistiftformen&#8221;, Einzelausstellung in der EINFAHRT \/ Wien<br \/>\nGalleria Art-Point Black \/Florenz<br \/>\nFREE &#8211; TALE, VIENNA \u2013 VENEZIA, Centro d\u2019Arte \/ Venedig \/ Italien<br \/>\nN\u00d6 \u2013 Tage der offenen Ateliers 2007<br \/>\nGalerie ARTPOINT 222 , Einzelausstellung \/ Wien<br \/>\nTeilnahme an der &#8220;IMMAGINA&#8221;\u00a0 Reggio Emilia 2007 \/ Italien<br \/>\n<b><\/b><\/p>\n<p><b>2006<br \/>\n<\/b>Galerie B\u00f6hner \/ Mannheim<br \/>\nGalleria Art-Point-Black \/ Florenz &#8220;IX EDITION \u2013 PRIZE OF PICTURE&#8221;<br \/>\nGallery Grupo-Batik-Art \/ Barcelona\/ Spanien<br \/>\nGalleria Art-Point-Black \/ Einzelausstellung \u201cDolce Vita\u201d\/ Florenz \/ Italien<br \/>\nEinzelausstellung &#8220;Caffe-Principe&#8221; \/ Florenz \/ Italien<br \/>\nCentro d\u2019Arte \/ Venedig \/ Italien<br \/>\nGalleria Art-Point-Black \/ Florenz &#8220;MEDITAZIONI DINAMICHE&#8221;<br \/>\nGalleria D\u2019ARTECON \/ Ascona \/ Schweiz<br \/>\nN\u00d6 \u2013Tage der offenen Ateliers 2006<br \/>\nTeilnahme an der INTERNATIONAL TRIENNAL OF GRAPHIC ART BITOLA \/ Macedonia<\/p>\n<p><b>2005<br \/>\n<\/b>Art-Domain-Gallery\/ Leipzig<br \/>\nN\u00d6 -Tage der offenen Ateliers 2005<br \/>\n&#8220;Leobendorfer Herbst&#8221; ( Einzelausstellung in Leobendorf \/ Grunerhof )<br \/>\nTeilnahme an der Kunstmesse Salzburg 2005,<br \/>\n\u201cBIENNALE INTERNAZIONALE DELL\u2019ARTE CONTEMPORANEA FIRENZE\u201c<br \/>\n<b><\/b><\/p>\n<p><b>\u00a0<\/b><\/p>\n<p><a href=\"http:\/\/www.q202.at\/\">www.q202.at<\/a><\/p>\n<p><a href=\"http:\/\/www.artpoint222.at\/\">www.artpoint222.at<\/a><\/p>\n<p><a href=\"http:\/\/www.kulturvernetzung.at\/\">www.kulturvernetzung.at<\/a><\/p>\n<p><a href=\"http:\/\/www.art-domai.com\/\">www.art-domain.com<\/a><\/p>\n<p><a href=\"http:\/\/www.artpointblack.com\/\">www.artpointblack.com<\/a><\/p>\n<p><a href=\"http:\/\/www.galerie-boehner.de\/\">www.galerie-boehner.de<\/a><\/p>\n<p><a href=\"http:\/\/www.art-domain.com\/\">www.art-domain.com<\/a><\/p>\n<p>&nbsp;<\/p>\n<\/div>\n<div><center><br \/>\n<img decoding=\"async\" style=\"border: 1px solid #c0c0c0;\" alt=\"\" src=\"http:\/\/aya-swoboda.at\/wp-content\/gallery\/sculpture\/s-20-04-13.jpg\" \/><br \/>\n<b>Kleinwilfersdorf &#8220;Meditationsweg&#8221; \/ N\u00d6<\/b><br \/>\nGestaltung der 1. Station zum Thema <b>LIEBE<\/b><br \/>\n<i>&#8220;Begrenzt ist das Leben, doch unersch\u00f6pflich ist die Liebe&#8221;<\/i> (Ihara Saikadu)<br \/>\nSkulptur von Aya SWOBODA<br \/>\n2008, Aluminium \/ Plexiglas, H\u00f6he ca 2.50 m<\/center><\/p>\n<div>\u00a0<\/div>\n<\/div>\n","protected":false},"excerpt":{"rendered":"<p>2021 Theatersaal Oberrohrbach \/ Nieder\u00f6sterreich ARTBOX\/PROJECT Z\u00dcRICH 1.0 \/ Swiss ARTBOX\/PROJECT BARCELONA 1.0 \/ Spain Ausstellung im ARTPOINT 222, Wien, \u00d6sterreich 2020 Theatersaal Oberrohrbach \/ Nieder\u00f6sterreich Ausstellung der SAMMLUNG &#038; GALERIE B\u00d6HNER \/ Germany ARTBOX\/PROJECT Z\u00dcRICH 1.0 \/ Swiss Ausstellung im ARTPOINT 222, Wien, \u00d6sterreich PALM ART AWARD 2020 f\u00fcr die k\u00fcnstlerische Qualit\u00e4t und Originalit\u00e4t <a href='https:\/\/www.aya-swoboda.at\/index.php\/exhibitions' class='excerpt-more'>[&#8230;]<\/a><\/p>\n","protected":false},"author":2,"featured_media":0,"parent":0,"menu_order":0,"comment_status":"closed","ping_status":"open","template":"","meta":{"ngg_post_thumbnail":0,"footnotes":""},"class_list":["post-110","page","type-page","status-publish","hentry","post-seq-1","post-parity-odd","meta-position-line-bottom","fix"],"_links":{"self":[{"href":"https:\/\/www.aya-swoboda.at\/index.php\/wp-json\/wp\/v2\/pages\/110","targetHints":{"allow":["GET"]}}],"collection":[{"href":"https:\/\/www.aya-swoboda.at\/index.php\/wp-json\/wp\/v2\/pages"}],"about":[{"href":"https:\/\/www.aya-swoboda.at\/index.php\/wp-json\/wp\/v2\/types\/page"}],"author":[{"embeddable":true,"href":"https:\/\/www.aya-swoboda.at\/index.php\/wp-json\/wp\/v2\/users\/2"}],"replies":[{"embeddable":true,"href":"https:\/\/www.aya-swoboda.at\/index.php\/wp-json\/wp\/v2\/comments?post=110"}],"version-history":[{"count":64,"href":"https:\/\/www.aya-swoboda.at\/index.php\/wp-json\/wp\/v2\/pages\/110\/revisions"}],"predecessor-version":[{"id":821,"href":"https:\/\/www.aya-swoboda.at\/index.php\/wp-json\/wp\/v2\/pages\/110\/revisions\/821"}],"wp:attachment":[{"href":"https:\/\/www.aya-swoboda.at\/index.php\/wp-json\/wp\/v2\/media?parent=110"}],"curies":[{"name":"wp","href":"https:\/\/api.w.org\/{rel}","templated":true}]}}